{"id":721,"date":"2023-05-23T13:22:09","date_gmt":"2023-05-23T11:22:09","guid":{"rendered":"https:\/\/www.irf-europa.com\/lentreprise\/"},"modified":"2023-08-31T00:08:23","modified_gmt":"2023-08-30T22:08:23","slug":"lentreprise","status":"publish","type":"page","link":"https:\/\/www.irf-europa.com\/fr\/lentreprise\/","title":{"rendered":"L\u2019entreprise"},"content":{"rendered":"\n<p>Fond\u00e9e en 1990 en tant qu\u2019entreprise sp\u00e9cialis\u00e9e en soudage c\u00e9ramique, IRF peut compter sur un personnel dou\u00e9 d&rsquo;une longue exp\u00e9rience dans la gestion de fours de verrerie. Au fil des ans, l\u2019investissement constant dans les ressources humaines et les m\u00e9thodes de travail a permis d&rsquo;accro\u00eetre les services offerts. Les clients qui s&rsquo;adressent \u00e0 IRF sont des fleurons du secteur du verre en qu\u00eate d\u2019un service de haute qualit\u00e9 doubl\u00e9 d&rsquo;un solide partenariat.<\/p>\n\n\n\n<p>Avec trois \u00e9tablissements en Europe et un en Am\u00e9rique du Sud, IRF se positionne en tant que partenaire de confiance pour tous les services d\u2019entretien et de r\u00e9paration \u00e0 chaud dans le monde du verre.<\/p>\n\n\n\n<h2 class=\"wp-block-heading h3 underline mt-5 mb-4\"><strong><strong>Nos valeurs<\/strong><\/strong><\/h2>\n\n\n\n<div class=\"wp-block-columns is-layout-flex wp-container-core-columns-is-layout-9d6595d7 wp-block-columns-is-layout-flex\">\n<div class=\"wp-block-column is-layout-flow wp-block-column-is-layout-flow\">\n<figure class=\"wp-block-image size-large is-resized\"><img loading=\"lazy\" decoding=\"async\" src=\"https:\/\/www.irf-europa.com\/wp-content\/uploads\/2022\/03\/secure-shield.svg\" alt=\"\" class=\"wp-image-259\" style=\"width:70px;height:70px\" width=\"70\" height=\"70\"\/><\/figure>\n\n\n\n<p>S\u00e9curit\u00e9 sans compromis&nbsp;: une \u00e9quipe interne d\u00e9di\u00e9e \u00e9value attentivement tous les risques qu\u2019engendre une intervention pour garantir l\u2019ex\u00e9cution en conditions de s\u00e9curit\u00e9.<\/p>\n<\/div>\n\n\n\n<div class=\"wp-block-column is-layout-flow wp-block-column-is-layout-flow\">\n<figure class=\"wp-block-image size-large is-resized\"><img loading=\"lazy\" decoding=\"async\" src=\"https:\/\/www.irf-europa.com\/wp-content\/uploads\/2022\/03\/handshake.svg\" alt=\"\" class=\"wp-image-255\" style=\"width:70px;height:70px\" width=\"70\" height=\"70\"\/><\/figure>\n\n\n\n<p>V\u00e9ritable relation partenariale : forte d\u2019ann\u00e9es d\u2019exp\u00e9rience internationale, IRF prodigue des conseils qui visent \u00e0 atteindre l\u2019objectif du client avec les meilleures solutions, en le conseillant et l\u2019\u00e9paulant dans les activit\u00e9s et les d\u00e9cisions op\u00e9rationnelles.<\/p>\n<\/div>\n<\/div>\n\n\n\n<div class=\"wp-block-columns mb-5 is-layout-flex wp-container-core-columns-is-layout-9d6595d7 wp-block-columns-is-layout-flex\">\n<div class=\"wp-block-column is-layout-flow wp-block-column-is-layout-flow\">\n<figure class=\"wp-block-image size-large is-resized\"><img loading=\"lazy\" decoding=\"async\" src=\"https:\/\/www.irf-europa.com\/wp-content\/uploads\/2022\/03\/technical-support.svg\" alt=\"\" class=\"wp-image-263\" style=\"width:70px;height:70px\" width=\"70\" height=\"70\"\/><\/figure>\n\n\n\n<p>Flexibilit\u00e9 et rapidit\u00e9 de r\u00e9ponse\u00a0: nous \u00e9tudions des solutions pour les probl\u00e9matiques les plus complexes et articul\u00e9es. L&rsquo;objectif de notre service est d&rsquo;\u00eatre r\u00e9actif et efficient, pour garantir au client une remise en service de son outil de production dans les plus brefs d\u00e9lais.<\/p>\n<\/div>\n\n\n\n<div class=\"wp-block-column is-layout-flow wp-block-column-is-layout-flow\">\n<figure class=\"wp-block-image size-large is-resized\"><img loading=\"lazy\" decoding=\"async\" src=\"https:\/\/www.irf-europa.com\/wp-content\/uploads\/2022\/03\/winner.svg\" alt=\"\" class=\"wp-image-267\" style=\"width:70px;height:70px\" width=\"70\" height=\"70\"\/><\/figure>\n\n\n\n<p>Qualit\u00e9 et professionnalisme\u00a0: ils se concr\u00e9tisent gr\u00e2ce \u00e0 une \u00e9quipe chevronn\u00e9e d\u2019ing\u00e9nieurs dot\u00e9s d&rsquo;une longue exp\u00e9rience internationale dans le secteur et \u00e0 des outillages sp\u00e9cifiques pour les r\u00e9parations \u00e0 chaud.<\/p>\n<\/div>\n<\/div>\n\n\n\n<div class=\"wp-block-columns is-layout-flex wp-container-core-columns-is-layout-9d6595d7 wp-block-columns-is-layout-flex\">\n<div class=\"wp-block-column is-layout-flow wp-block-column-is-layout-flow\" style=\"flex-basis:66.66%\">\n<iframe src=\"https:\/\/www.google.com\/maps\/embed?pb=!4v1647518994813!6m8!1m7!1sGx5cmHNeu3vZ0_XnqOq9Pg!2m2!1d45.6093356651653!2d12.2634156138094!3f343.5238!4f0!5f0.7820865974627469\" style=\"border:0; width: 100%;\" allowfullscreen=\"\" loading=\"lazy\" width=\"600\" height=\"450\"><\/iframe>\n<\/div>\n\n\n\n<div class=\"wp-block-column is-layout-flow wp-block-column-is-layout-flow\" style=\"flex-basis:33.33%\">\n<h2 class=\"wp-block-heading h3 underline mt-0 mb-4\"><strong>Nos certifications<\/strong><\/h2>\n\n\n\n<figure class=\"wp-block-image size-full is-resized\"><img data-recalc-dims=\"1\" loading=\"lazy\" decoding=\"async\" src=\"https:\/\/i0.wp.com\/www.irf-europa.com\/wp-content\/uploads\/2021\/10\/BV-ISO_9001.jpg?resize=280%2C152&#038;ssl=1\" alt=\"\" class=\"wp-image-47\" style=\"width:280px;height:152px\" width=\"280\" height=\"152\"\/><\/figure>\n\n\n\n<figure class=\"wp-block-image size-large is-resized\"><img data-recalc-dims=\"1\" loading=\"lazy\" decoding=\"async\" src=\"https:\/\/i0.wp.com\/www.irf-europa.com\/wp-content\/uploads\/2021\/10\/image.png?resize=278%2C185&#038;ssl=1\" alt=\"\" class=\"wp-image-48\" style=\"width:278px;height:185px\" width=\"278\" height=\"185\" srcset=\"https:\/\/i0.wp.com\/www.irf-europa.com\/wp-content\/uploads\/2021\/10\/image.png?resize=1110%2C740&amp;ssl=1 1110w, https:\/\/i0.wp.com\/www.irf-europa.com\/wp-content\/uploads\/2021\/10\/image.png?resize=730%2C486&amp;ssl=1 730w, https:\/\/i0.wp.com\/www.irf-europa.com\/wp-content\/uploads\/2021\/10\/image.png?resize=768%2C512&amp;ssl=1 768w, https:\/\/i0.wp.com\/www.irf-europa.com\/wp-content\/uploads\/2021\/10\/image.png?w=1205&amp;ssl=1 1205w\" sizes=\"auto, (max-width: 278px) 100vw, 278px\" \/><\/figure>\n<\/div>\n<\/div>\n","protected":false},"excerpt":{"rendered":"<p>Fond\u00e9e en 1990 en tant qu\u2019entreprise sp\u00e9cialis\u00e9e en soudage c\u00e9ramique, IRF peut compter sur un personnel dou\u00e9 d&rsquo;une longue exp\u00e9rience&hellip;<\/p>\n<p><a class=\"btn btn-dark btn-sm websoup-read-more-link\" href=\"https:\/\/www.irf-europa.com\/fr\/lentreprise\/\">Read More&#8230;<\/a><\/p>\n","protected":false},"author":1,"featured_media":0,"parent":0,"menu_order":0,"comment_status":"closed","ping_status":"closed","template":"","meta":{"inline_featured_image":false,"footnotes":""},"class_list":["post-721","page","type-page","status-publish","hentry"],"yoast_head":"<!-- This site is optimized with the Yoast SEO plugin v27.5 - https:\/\/yoast.com\/product\/yoast-seo-wordpress\/ -->\n<title>L\u2019entreprise - IRF Europa<\/title>\n<meta name=\"robots\" content=\"index, follow, max-snippet:-1, max-image-preview:large, max-video-preview:-1\" \/>\n<link rel=\"canonical\" href=\"https:\/\/www.irf-europa.com\/fr\/lentreprise\/\" \/>\n<meta property=\"og:locale\" content=\"fr_FR\" \/>\n<meta property=\"og:type\" content=\"article\" \/>\n<meta property=\"og:title\" content=\"L\u2019entreprise - IRF Europa\" \/>\n<meta property=\"og:description\" content=\"Fond\u00e9e en 1990 en tant qu\u2019entreprise sp\u00e9cialis\u00e9e en soudage c\u00e9ramique, IRF peut compter sur un personnel dou\u00e9 d&rsquo;une longue exp\u00e9rience&hellip;Read More...\" \/>\n<meta property=\"og:url\" content=\"https:\/\/www.irf-europa.com\/fr\/lentreprise\/\" \/>\n<meta property=\"og:site_name\" content=\"IRF Europa\" \/>\n<meta property=\"article:modified_time\" content=\"2023-08-30T22:08:23+00:00\" \/>\n<meta property=\"og:image\" content=\"https:\/\/www.irf-europa.com\/wp-content\/uploads\/2022\/03\/secure-shield.svg\" \/>\n<meta name=\"twitter:card\" content=\"summary_large_image\" \/>\n<meta name=\"twitter:label1\" content=\"Dur\u00e9e de lecture estim\u00e9e\" \/>\n\t<meta name=\"twitter:data1\" content=\"1 minute\" \/>\n<script type=\"application\/ld+json\" class=\"yoast-schema-graph\">{\"@context\":\"https:\\\/\\\/schema.org\",\"@graph\":[{\"@type\":\"WebPage\",\"@id\":\"https:\\\/\\\/www.irf-europa.com\\\/fr\\\/lentreprise\\\/\",\"url\":\"https:\\\/\\\/www.irf-europa.com\\\/fr\\\/lentreprise\\\/\",\"name\":\"L\u2019entreprise - IRF Europa\",\"isPartOf\":{\"@id\":\"https:\\\/\\\/www.irf-europa.com\\\/fr\\\/#website\"},\"primaryImageOfPage\":{\"@id\":\"https:\\\/\\\/www.irf-europa.com\\\/fr\\\/lentreprise\\\/#primaryimage\"},\"image\":{\"@id\":\"https:\\\/\\\/www.irf-europa.com\\\/fr\\\/lentreprise\\\/#primaryimage\"},\"thumbnailUrl\":\"https:\\\/\\\/www.irf-europa.com\\\/wp-content\\\/uploads\\\/2022\\\/03\\\/secure-shield.svg\",\"datePublished\":\"2023-05-23T11:22:09+00:00\",\"dateModified\":\"2023-08-30T22:08:23+00:00\",\"breadcrumb\":{\"@id\":\"https:\\\/\\\/www.irf-europa.com\\\/fr\\\/lentreprise\\\/#breadcrumb\"},\"inLanguage\":\"fr-FR\",\"potentialAction\":[{\"@type\":\"ReadAction\",\"target\":[\"https:\\\/\\\/www.irf-europa.com\\\/fr\\\/lentreprise\\\/\"]}]},{\"@type\":\"ImageObject\",\"inLanguage\":\"fr-FR\",\"@id\":\"https:\\\/\\\/www.irf-europa.com\\\/fr\\\/lentreprise\\\/#primaryimage\",\"url\":\"https:\\\/\\\/www.irf-europa.com\\\/wp-content\\\/uploads\\\/2022\\\/03\\\/secure-shield.svg\",\"contentUrl\":\"https:\\\/\\\/www.irf-europa.com\\\/wp-content\\\/uploads\\\/2022\\\/03\\\/secure-shield.svg\"},{\"@type\":\"BreadcrumbList\",\"@id\":\"https:\\\/\\\/www.irf-europa.com\\\/fr\\\/lentreprise\\\/#breadcrumb\",\"itemListElement\":[{\"@type\":\"ListItem\",\"position\":1,\"name\":\"Home\",\"item\":\"https:\\\/\\\/www.irf-europa.com\\\/fr\\\/\"},{\"@type\":\"ListItem\",\"position\":2,\"name\":\"L\u2019entreprise\"}]},{\"@type\":\"WebSite\",\"@id\":\"https:\\\/\\\/www.irf-europa.com\\\/fr\\\/#website\",\"url\":\"https:\\\/\\\/www.irf-europa.com\\\/fr\\\/\",\"name\":\"IRF Europa\",\"description\":\"Riparazione e manutenzione di forni per la fusione del vetro\",\"publisher\":{\"@id\":\"https:\\\/\\\/www.irf-europa.com\\\/fr\\\/#organization\"},\"potentialAction\":[{\"@type\":\"SearchAction\",\"target\":{\"@type\":\"EntryPoint\",\"urlTemplate\":\"https:\\\/\\\/www.irf-europa.com\\\/fr\\\/?s={search_term_string}\"},\"query-input\":{\"@type\":\"PropertyValueSpecification\",\"valueRequired\":true,\"valueName\":\"search_term_string\"}}],\"inLanguage\":\"fr-FR\"},{\"@type\":\"Organization\",\"@id\":\"https:\\\/\\\/www.irf-europa.com\\\/fr\\\/#organization\",\"name\":\"IRF Europa\",\"url\":\"https:\\\/\\\/www.irf-europa.com\\\/fr\\\/\",\"logo\":{\"@type\":\"ImageObject\",\"inLanguage\":\"fr-FR\",\"@id\":\"https:\\\/\\\/www.irf-europa.com\\\/fr\\\/#\\\/schema\\\/logo\\\/image\\\/\",\"url\":\"https:\\\/\\\/i0.wp.com\\\/www.irf-europa.com\\\/wp-content\\\/uploads\\\/2021\\\/10\\\/irf-europa.png?fit=752%2C248&ssl=1\",\"contentUrl\":\"https:\\\/\\\/i0.wp.com\\\/www.irf-europa.com\\\/wp-content\\\/uploads\\\/2021\\\/10\\\/irf-europa.png?fit=752%2C248&ssl=1\",\"width\":752,\"height\":248,\"caption\":\"IRF Europa\"},\"image\":{\"@id\":\"https:\\\/\\\/www.irf-europa.com\\\/fr\\\/#\\\/schema\\\/logo\\\/image\\\/\"},\"sameAs\":[\"https:\\\/\\\/www.linkedin.com\\\/company\\\/irf-europa-srl\\\/\"]}]}<\/script>\n<!-- \/ Yoast SEO plugin. -->","yoast_head_json":{"title":"L\u2019entreprise - IRF Europa","robots":{"index":"index","follow":"follow","max-snippet":"max-snippet:-1","max-image-preview":"max-image-preview:large","max-video-preview":"max-video-preview:-1"},"canonical":"https:\/\/www.irf-europa.com\/fr\/lentreprise\/","og_locale":"fr_FR","og_type":"article","og_title":"L\u2019entreprise - IRF Europa","og_description":"Fond\u00e9e en 1990 en tant qu\u2019entreprise sp\u00e9cialis\u00e9e en soudage c\u00e9ramique, IRF peut compter sur un personnel dou\u00e9 d&rsquo;une longue exp\u00e9rience&hellip;Read More...","og_url":"https:\/\/www.irf-europa.com\/fr\/lentreprise\/","og_site_name":"IRF Europa","article_modified_time":"2023-08-30T22:08:23+00:00","og_image":[{"url":"https:\/\/www.irf-europa.com\/wp-content\/uploads\/2022\/03\/secure-shield.svg","type":"","width":"","height":""}],"twitter_card":"summary_large_image","twitter_misc":{"Dur\u00e9e de lecture estim\u00e9e":"1 minute"},"schema":{"@context":"https:\/\/schema.org","@graph":[{"@type":"WebPage","@id":"https:\/\/www.irf-europa.com\/fr\/lentreprise\/","url":"https:\/\/www.irf-europa.com\/fr\/lentreprise\/","name":"L\u2019entreprise - IRF Europa","isPartOf":{"@id":"https:\/\/www.irf-europa.com\/fr\/#website"},"primaryImageOfPage":{"@id":"https:\/\/www.irf-europa.com\/fr\/lentreprise\/#primaryimage"},"image":{"@id":"https:\/\/www.irf-europa.com\/fr\/lentreprise\/#primaryimage"},"thumbnailUrl":"https:\/\/www.irf-europa.com\/wp-content\/uploads\/2022\/03\/secure-shield.svg","datePublished":"2023-05-23T11:22:09+00:00","dateModified":"2023-08-30T22:08:23+00:00","breadcrumb":{"@id":"https:\/\/www.irf-europa.com\/fr\/lentreprise\/#breadcrumb"},"inLanguage":"fr-FR","potentialAction":[{"@type":"ReadAction","target":["https:\/\/www.irf-europa.com\/fr\/lentreprise\/"]}]},{"@type":"ImageObject","inLanguage":"fr-FR","@id":"https:\/\/www.irf-europa.com\/fr\/lentreprise\/#primaryimage","url":"https:\/\/www.irf-europa.com\/wp-content\/uploads\/2022\/03\/secure-shield.svg","contentUrl":"https:\/\/www.irf-europa.com\/wp-content\/uploads\/2022\/03\/secure-shield.svg"},{"@type":"BreadcrumbList","@id":"https:\/\/www.irf-europa.com\/fr\/lentreprise\/#breadcrumb","itemListElement":[{"@type":"ListItem","position":1,"name":"Home","item":"https:\/\/www.irf-europa.com\/fr\/"},{"@type":"ListItem","position":2,"name":"L\u2019entreprise"}]},{"@type":"WebSite","@id":"https:\/\/www.irf-europa.com\/fr\/#website","url":"https:\/\/www.irf-europa.com\/fr\/","name":"IRF Europa","description":"Riparazione e manutenzione di forni per la fusione del vetro","publisher":{"@id":"https:\/\/www.irf-europa.com\/fr\/#organization"},"potentialAction":[{"@type":"SearchAction","target":{"@type":"EntryPoint","urlTemplate":"https:\/\/www.irf-europa.com\/fr\/?s={search_term_string}"},"query-input":{"@type":"PropertyValueSpecification","valueRequired":true,"valueName":"search_term_string"}}],"inLanguage":"fr-FR"},{"@type":"Organization","@id":"https:\/\/www.irf-europa.com\/fr\/#organization","name":"IRF Europa","url":"https:\/\/www.irf-europa.com\/fr\/","logo":{"@type":"ImageObject","inLanguage":"fr-FR","@id":"https:\/\/www.irf-europa.com\/fr\/#\/schema\/logo\/image\/","url":"https:\/\/i0.wp.com\/www.irf-europa.com\/wp-content\/uploads\/2021\/10\/irf-europa.png?fit=752%2C248&ssl=1","contentUrl":"https:\/\/i0.wp.com\/www.irf-europa.com\/wp-content\/uploads\/2021\/10\/irf-europa.png?fit=752%2C248&ssl=1","width":752,"height":248,"caption":"IRF Europa"},"image":{"@id":"https:\/\/www.irf-europa.com\/fr\/#\/schema\/logo\/image\/"},"sameAs":["https:\/\/www.linkedin.com\/company\/irf-europa-srl\/"]}]}},"jetpack_sharing_enabled":true,"_links":{"self":[{"href":"https:\/\/www.irf-europa.com\/fr\/wp-json\/wp\/v2\/pages\/721","targetHints":{"allow":["GET"]}}],"collection":[{"href":"https:\/\/www.irf-europa.com\/fr\/wp-json\/wp\/v2\/pages"}],"about":[{"href":"https:\/\/www.irf-europa.com\/fr\/wp-json\/wp\/v2\/types\/page"}],"author":[{"embeddable":true,"href":"https:\/\/www.irf-europa.com\/fr\/wp-json\/wp\/v2\/users\/1"}],"replies":[{"embeddable":true,"href":"https:\/\/www.irf-europa.com\/fr\/wp-json\/wp\/v2\/comments?post=721"}],"version-history":[{"count":5,"href":"https:\/\/www.irf-europa.com\/fr\/wp-json\/wp\/v2\/pages\/721\/revisions"}],"predecessor-version":[{"id":825,"href":"https:\/\/www.irf-europa.com\/fr\/wp-json\/wp\/v2\/pages\/721\/revisions\/825"}],"wp:attachment":[{"href":"https:\/\/www.irf-europa.com\/fr\/wp-json\/wp\/v2\/media?parent=721"}],"curies":[{"name":"wp","href":"https:\/\/api.w.org\/{rel}","templated":true}]}}